{"id":5,"date":"2020-08-28T11:10:54","date_gmt":"2020-08-28T09:10:54","guid":{"rendered":"http:\/\/club-presse-valdeloire.fr\/?page_id=5"},"modified":"2026-03-18T15:27:15","modified_gmt":"2026-03-18T14:27:15","slug":"mesmerize","status":"publish","type":"page","link":"https:\/\/club-presse-valdeloire.fr\/","title":{"rendered":"Front Page"},"content":{"rendered":"<div  id=\"overlappable-4\" style=\"background-color: #ffffff;\" data-label=\"Overlappable\" data-id=\"overlappable-4\" data-export-id=\"overlappable-4\" data-category=\"overlappable\" class=\"overlappable-4 content-section content-section-spacing\" data-overlap=\"true\"><div  class=\"gridContainer\"> <div  data-type=\"row\" class=\"row spaced-cols text-center\"><div  class=\"col-xs-12 col-sm-4 col-padding\"> <a data-cp-link=\"1\" href=\"https:\/\/club-presse-valdeloire.fr\/index.php\/le-club\/notre-histoire-nos-missions\" target=\"_self\" rel=\"noopener\"><i  class=\"fa icon shadow-large-black aligncenter color1 fa-group reverse round large\"><\/i><\/a> <div  data-type=\"column\" class=\"\"> <h5  class=\"\" data-lt-tmp-id=\"lt-119291\" data-gramm=\"false\">Qui sommes-nous ?<\/h5> <p  class=\"\" data-lt-tmp-id=\"lt-392953\" data-gramm=\"false\">Le Club de la Presse CVL est un club r\u00e9gional regroupant les professionnels du journalisme et de la communication<\/p><\/div> <\/div> <div  class=\"col-xs-12 col-sm-4 col-padding\"> <a data-cp-link=\"1\" href=\"https:\/\/club-presse-valdeloire.fr\/index.php\/adherer\/rejoindre-le-club\" target=\"_self\" rel=\"noopener\"><i  class=\"fa icon shadow-large-black aligncenter color1 fa-cogs reverse round large\"><\/i><\/a> <div  data-type=\"column\" class=\"\"><h5  class=\"\" data-lt-tmp-id=\"lt-71342\" data-gramm=\"false\">Rejoindre le Club<\/h5> <p  class=\"\" data-lt-tmp-id=\"lt-409375\" data-gramm=\"false\">Journalistes, communicants, institutions et entreprises<\/p><\/div> <\/div> <div  class=\"col-xs-12 col-sm-4 col-padding\"> <a data-cp-link=\"1\" href=\"https:\/\/club-presse-valdeloire.fr\/index.php\/a-la-une-2\/espace-job-demandes-et-offres-demploi\" target=\"_self\" rel=\"noopener\"><i  class=\"fa icon shadow-large-black aligncenter color1 fa-handshake-o reverse round large\"><\/i><\/a> <div  data-type=\"column\" class=\"\"><h5  class=\"\" data-lt-tmp-id=\"lt-76874\" data-gramm=\"false\">Emplois et Stages<\/h5><p  class=\"\" data-lt-tmp-id=\"lt-619412\" data-gramm=\"false\">Offres d\u2019emploi et de stage dans le milieu de la presse et de la communication<\/p> <\/div> <\/div><\/div> <\/div><\/div><div  id=\"latest-news-1\" style=\"background-color: #f5fafd;\" data-label=\"Latest-news\" data-id=\"blog-section\" data-export-id=\"blog-section\" data-category=\"latest_news\" class=\"blog-section blog-section-standard content-section content-section-spacing\"><div  class=\"gridContainer\"> <div  class=\"row\"><div  data-type=\"column\" class=\"section-title-col\"> <h2  class=\"\">A la Une<\/h2> <\/div> <\/div> <div  class=\"row\"> <div  data-type=\"row\" data-dynamic-columns=\"handled\" data-content-shortcode=\"mesmerize_latest_news columns=&quot;3&quot; \">        <div class=\"row center-sm content-left-sm\">\n                    <div id=\"post-3570\" class=\"col-sm-6 col-md-3 space-bottom space-bottom-xs\">\n                <div class=\"post-content card y-move bordered\">\n                    <div class=\"post-thumbnail\">\n   <a href=\"https:\/\/club-presse-valdeloire.fr\/index.php\/2026\/03\/18\/emicentre-une-charte-pour-leducation-a-linformation\/\" class=\"post-list-item-thumb \">\n      <img width=\"507\" height=\"279\" src=\"https:\/\/club-presse-valdeloire.fr\/wp-content\/uploads\/2026\/03\/logo-emi-centre-3.png\" class=\"attachment-post-thumbnail size-post-thumbnail wp-post-image\" alt=\"\" decoding=\"async\" loading=\"lazy\" srcset=\"https:\/\/club-presse-valdeloire.fr\/wp-content\/uploads\/2026\/03\/logo-emi-centre-3.png 507w, https:\/\/club-presse-valdeloire.fr\/wp-content\/uploads\/2026\/03\/logo-emi-centre-3-300x165.png 300w\" sizes=\"(max-width: 507px) 100vw, 507px\" \/>   <\/a>\n<\/div>\n                    <div class=\"col-padding col-padding-xs\">\n                        <h3 class=\"post-title space-bottom-small\">\n                            <a href=\"https:\/\/club-presse-valdeloire.fr\/index.php\/2026\/03\/18\/emicentre-une-charte-pour-leducation-a-linformation\/\" rel=\"bookmark\">\n                                \u00c9micentre : une charte pour l\u2019\u00e9ducation \u00e0 l\u2019information                            <\/a>\n                        <\/h3>\n                        <p>EPIMEDIA &#8211; l&#8217;\u00e9picentre Publi\u00e9 le 03 mars 2026 \u00e0 10:10 Les acteurs de l\u2019\u00c9ducation aux m\u00e9dias et \u00e0 l\u2019information (EMI) en r\u00e9gion Centre-Val de Loire sont d\u00e9sormais regroup\u00e9s en r\u00e9seau[&hellip;]<\/p>\n                        <a class=\"read-more link\" href=\"https:\/\/club-presse-valdeloire.fr\/index.php\/2026\/03\/18\/emicentre-une-charte-pour-leducation-a-linformation\/\">\n                            Read more                        <\/a>\n                    <\/div>\n                <\/div>\n            <\/div>\n                    <div id=\"post-3567\" class=\"col-sm-6 col-md-3 space-bottom space-bottom-xs\">\n                <div class=\"post-content card y-move bordered\">\n                    <div class=\"post-thumbnail\">\n   <a href=\"https:\/\/club-presse-valdeloire.fr\/index.php\/2026\/03\/18\/un-reseau-et-une-charte-voient-le-jour-en-centre-val-de-loire-pour-leducation-aux-medias-et-a-linformation\/\" class=\"post-list-item-thumb \">\n      <img width=\"1024\" height=\"768\" src=\"https:\/\/club-presse-valdeloire.fr\/wp-content\/uploads\/2026\/03\/EMI-BLOIS-2025.jpg\" class=\"attachment-post-thumbnail size-post-thumbnail wp-post-image\" alt=\"\" decoding=\"async\" loading=\"lazy\" srcset=\"https:\/\/club-presse-valdeloire.fr\/wp-content\/uploads\/2026\/03\/EMI-BLOIS-2025.jpg 1024w, https:\/\/club-presse-valdeloire.fr\/wp-content\/uploads\/2026\/03\/EMI-BLOIS-2025-300x225.jpg 300w, https:\/\/club-presse-valdeloire.fr\/wp-content\/uploads\/2026\/03\/EMI-BLOIS-2025-768x576.jpg 768w\" sizes=\"(max-width: 1024px) 100vw, 1024px\" \/>   <\/a>\n<\/div>\n                    <div class=\"col-padding col-padding-xs\">\n                        <h3 class=\"post-title space-bottom-small\">\n                            <a href=\"https:\/\/club-presse-valdeloire.fr\/index.php\/2026\/03\/18\/un-reseau-et-une-charte-voient-le-jour-en-centre-val-de-loire-pour-leducation-aux-medias-et-a-linformation\/\" rel=\"bookmark\">\n                                Un r\u00e9seau et une charte voient le jour en Centre-Val de Loire pour l\u2019\u00e9ducation aux m\u00e9dias et \u00e0 l\u2019information                            <\/a>\n                        <\/h3>\n                        <p>\u00c9crit par Thomas Derais le 17 d\u00e9cembre 2025 La troisi\u00e8me \u00e9dition des Journ\u00e9es r\u00e9gionales de l\u2019\u00c9MI (\u00e9ducation aux m\u00e9dias et \u00e0 l\u2019information) s\u2019est tenue les 2 et 3 d\u00e9cembre \u00e0[&hellip;]<\/p>\n                        <a class=\"read-more link\" href=\"https:\/\/club-presse-valdeloire.fr\/index.php\/2026\/03\/18\/un-reseau-et-une-charte-voient-le-jour-en-centre-val-de-loire-pour-leducation-aux-medias-et-a-linformation\/\">\n                            Read more                        <\/a>\n                    <\/div>\n                <\/div>\n            <\/div>\n                    <div id=\"post-3484\" class=\"col-sm-6 col-md-3 space-bottom space-bottom-xs\">\n                <div class=\"post-content card y-move bordered\">\n                    <div class=\"post-thumbnail\">\n   <a href=\"https:\/\/club-presse-valdeloire.fr\/index.php\/2026\/03\/17\/il-sont-tous-signes-la-charte-le-reseau-des-acteurs-de-leducation-aux-medias-et-a-linformation-en-centre-val-de-loire\/\" class=\"post-list-item-thumb \">\n      <img width=\"500\" height=\"375\" src=\"https:\/\/club-presse-valdeloire.fr\/wp-content\/uploads\/2026\/03\/EMI-CENTRE.png\" class=\"attachment-post-thumbnail size-post-thumbnail wp-post-image\" alt=\"\" decoding=\"async\" loading=\"lazy\" srcset=\"https:\/\/club-presse-valdeloire.fr\/wp-content\/uploads\/2026\/03\/EMI-CENTRE.png 500w, https:\/\/club-presse-valdeloire.fr\/wp-content\/uploads\/2026\/03\/EMI-CENTRE-300x225.png 300w\" sizes=\"(max-width: 500px) 100vw, 500px\" \/>   <\/a>\n<\/div>\n                    <div class=\"col-padding col-padding-xs\">\n                        <h3 class=\"post-title space-bottom-small\">\n                            <a href=\"https:\/\/club-presse-valdeloire.fr\/index.php\/2026\/03\/17\/il-sont-tous-signes-la-charte-le-reseau-des-acteurs-de-leducation-aux-medias-et-a-linformation-en-centre-val-de-loire\/\" rel=\"bookmark\">\n                                Il sont tous sign\u00e9s la Charte ! Les acteurs du r\u00e9seau de l\u2019\u00c9ducation aux M\u00e9dias et \u00e0 l\u2019Information en Centre-Val de Loire.                            <\/a>\n                        <\/h3>\n                        <p>Cliquez pour voir la CHARTE ! Le r\u00e9seau des acteurs de l\u2019\u00c9ducation aux M\u00e9dias et \u00e0 l\u2019Information en Centre-Val de Loire. Nom Pr\u00e9nom Structure Fonction email Fleurat Dominique Objectif\/MAP 36[&hellip;]<\/p>\n                        <a class=\"read-more link\" href=\"https:\/\/club-presse-valdeloire.fr\/index.php\/2026\/03\/17\/il-sont-tous-signes-la-charte-le-reseau-des-acteurs-de-leducation-aux-medias-et-a-linformation-en-centre-val-de-loire\/\">\n                            Read more                        <\/a>\n                    <\/div>\n                <\/div>\n            <\/div>\n                    <div id=\"post-2033\" class=\"col-sm-6 col-md-3 space-bottom space-bottom-xs\">\n                <div class=\"post-content card y-move bordered\">\n                    <div class=\"post-thumbnail\">\n   <a href=\"https:\/\/club-presse-valdeloire.fr\/index.php\/2024\/09\/16\/vous-souhaitez-les-dernieres-informations-du-club-et-vous-navez-pas-facebook-mais-linkedin-cliquez-et-rejoignez-nous-sur-linkedin\/\" class=\"post-list-item-thumb \">\n      <img width=\"807\" height=\"576\" src=\"https:\/\/club-presse-valdeloire.fr\/wp-content\/uploads\/2024\/09\/ClubpresseValDeLoire37Linkedin2.png\" class=\"attachment-post-thumbnail size-post-thumbnail wp-post-image\" alt=\"\" decoding=\"async\" loading=\"lazy\" srcset=\"https:\/\/club-presse-valdeloire.fr\/wp-content\/uploads\/2024\/09\/ClubpresseValDeLoire37Linkedin2.png 807w, https:\/\/club-presse-valdeloire.fr\/wp-content\/uploads\/2024\/09\/ClubpresseValDeLoire37Linkedin2-300x214.png 300w, https:\/\/club-presse-valdeloire.fr\/wp-content\/uploads\/2024\/09\/ClubpresseValDeLoire37Linkedin2-768x548.png 768w\" sizes=\"(max-width: 807px) 100vw, 807px\" \/>   <\/a>\n<\/div>\n                    <div class=\"col-padding col-padding-xs\">\n                        <h3 class=\"post-title space-bottom-small\">\n                            <a href=\"https:\/\/club-presse-valdeloire.fr\/index.php\/2024\/09\/16\/vous-souhaitez-les-dernieres-informations-du-club-et-vous-navez-pas-facebook-mais-linkedin-cliquez-et-rejoignez-nous-sur-linkedin\/\" rel=\"bookmark\">\n                                Vous souhaitez les derni\u00e8res informations du Club et vous n&#8217;avez pas Facebook mais Linkedin? Cliquez et rejoignez-nous sur Linkedin!!                            <\/a>\n                        <\/h3>\n                                                <a class=\"read-more link\" href=\"https:\/\/club-presse-valdeloire.fr\/index.php\/2024\/09\/16\/vous-souhaitez-les-dernieres-informations-du-club-et-vous-navez-pas-facebook-mais-linkedin-cliquez-et-rejoignez-nous-sur-linkedin\/\">\n                            Read more                        <\/a>\n                    <\/div>\n                <\/div>\n            <\/div>\n            <\/div>\n    <\/div><\/div> <div  class=\"row\"><div  class=\"text-center\"> <a class=\"button color1\" data-attr-shortcode=\"href:mesmerize_blog_link\" href=\"https:\/\/club-presse-valdeloire.fr\/index.php\/a-la-une-2\/\" target=\"_self\" rel=\"noopener\">En voir plus !<\/a><\/div> <\/div><\/div><\/div><div  id=\"testimonials-5\" style=\"background-color: #ffffff;\" data-label=\"Testimonials\" data-id=\"testimonials-5\" data-export-id=\"testimonials-5\" data-category=\"testimonials\" class=\"testimonials-5 content-section content-section-spacing\"><div  class=\"gridContainer\"> <div  class=\"row\"><div  data-type=\"column\" class=\"section-title-col\"> <h2  class=\"\" data-lt-tmp-id=\"lt-822026\" data-gramm=\"false\">Ils t\u00e9moignent !<\/h2> <p  class=\"lead\"><\/p><\/div> <\/div> <div  class=\"row spaced-cols content-center-sm\" data-type=\"row\"> <div  class=\"col-sm-4\"> <div  class=\"card y-move bordered\" data-type=\"column\"> <i  class=\"fa fa-quote-right icon color1 small quotation-icon\"><\/i> <p  class=\"text-center\">Ce que j\u2019aime au Club, c\u2019est qu\u2019ensemble, nous apportons des solutions \u00e0 chacun.<\/p> <img  decoding=\"async\" src=\"https:\/\/club-presse-valdeloire.fr\/wp-content\/uploads\/2020\/11\/cropped-STEPHANE-FRACHET.jpg\" class=\"round icon\" alt=\"\" title=\"cropped-STEPHANE-FRACHET.jpg\"> <h6  class=\"\">St\u00e9phane FRACHET<\/h6> <p  class=\"small italic\" data-lt-tmp-id=\"lt-576855\" data-gramm=\"false\">Journaliste ind\u00e9pendant<br >Les \u00c9chos<\/p><\/div> <\/div> <div  class=\"col-sm-4\"> <div  class=\"card y-move bordered\" data-type=\"column\"> <i  class=\"fa fa-quote-right icon color1 small quotation-icon\"><\/i> <p  class=\"text-center\" data-lt-tmp-id=\"lt-334866\" data-gramm=\"false\">Participer au club de la presse permet d\u2019\u00e9changer avec ses pairs sur son m\u00e9tier, de partager des contacts, des informations\u2026<\/p> <img  decoding=\"async\" src=\"https:\/\/club-presse-valdeloire.fr\/wp-content\/uploads\/2023\/05\/cropped-Photo_NPicard.jpg\" class=\"round icon\" alt=\"\" title=\"cropped-Photo_NPicard.jpg\"> <h6  class=\"\" data-lt-tmp-id=\"lt-400598\" data-gramm=\"false\">Nathalie PICARD<\/h6> <p  class=\"small italic\" data-lt-tmp-id=\"lt-730481\" data-gramm=\"false\">Journaliste \u00c7a m\u2019int\u00e9resse<\/p><\/div> <\/div> <div  class=\"col-sm-4\"> <div  class=\"card y-move bordered\" data-type=\"column\"> <i  class=\"fa fa-quote-right icon color1 small quotation-icon\"><\/i> <p  class=\"text-center\" data-lt-tmp-id=\"lt-198679\" data-gramm=\"false\">Le Club de la presse est un r\u00e9seau de professionnels du journalisme et de la communication. Deux mondes interd\u00e9pendants, mais qui s\u2019ignorent trop souvent.&nbsp;<\/p> <img  decoding=\"async\" src=\"https:\/\/club-presse-valdeloire.fr\/wp-content\/uploads\/2023\/05\/thumbnail_Photo-de-profil.jpg\" class=\"round icon\" alt=\"\" title=\"thumbnail_Photo de profil\"> <h6  class=\"\" data-lt-tmp-id=\"lt-623934\" data-gramm=\"false\">Denis ROUSSEAU<\/h6> <p  class=\"small italic\" data-lt-tmp-id=\"lt-489881\" data-gramm=\"false\">Directeur de l\u2019AFP pour l\u2019Am\u00e9rique centrale<\/p><\/div> <\/div><\/div> <\/div><\/div><div  id=\"team-2\" style=\"background-color: #ffffff;\" data-label=\"Team\" data-id=\"team-2\" data-export-id=\"team-2\" data-category=\"team\" class=\"team-2 content-section content-section-spacing\"><div  class=\"gridContainer\"> <div  class=\"row text-center\"><div  class=\"section-title-col\" data-type=\"column\"> <h2  class=\"\">Le conseil d\u2019administration<\/h2> <p  class=\"lead\">Une \u00e9quipe dynamique au service des professionnels de l\u2019information et de la communication\n<\/p><\/div> <\/div> <div  class=\"row spaced-cols content-center-sm\" data-type=\"row\"> <div  class=\"col-sm-6 col-md-3\"> <div  class=\"card y-move no-padding bordered\"> <img  decoding=\"async\" class=\"face\" src=\"https:\/\/club-presse-valdeloire.fr\/wp-content\/uploads\/2023\/12\/elodie_cerqueira.jpg\" alt=\"\" title=\"elodie_cerqueira\"> <div  data-type=\"column\" class=\"col-padding-small col-padding-small-xs description-container\"> <h4  class=\"font-500\" data-lt-tmp-id=\"lt-633609\" data-gramm=\"false\">\u00c9lodie CERQUEIRA<\/h4> <p  class=\"small\" style=\"font-style: italic;\" data-lt-tmp-id=\"lt-385099\" data-gramm=\"false\">Journaliste et formatrice certifi\u00e9e en EMI<\/p> <div  class=\"social-icons-group\" data-type=\"group\"> <a href=\"#\" target=\"_self\" data-reiki-hidden=\"true\" rel=\"noopener\"><i  class=\"gray fa icon fa-facebook-square\"><\/i><\/a> <a href=\"#@Elody_Cerqueira\" target=\"_self\" rel=\"noopener\" data-reiki-hidden=\"true\"><i  class=\"gray fa icon fa-twitter-square\"><\/i><\/a> <a href=\"https:\/\/www.linkedin.com\/in\/elodie-cerqueira45\" target=\"_self\" rel=\"noopener\" class=\"\"><i  class=\"gray fa icon fa-linkedin-square\"><\/i><\/a> <a href=\"#\" target=\"_self\" data-reiki-hidden=\"true\" rel=\"noopener\"><i  class=\"gray fa icon fa-google-plus-square\"><\/i><\/a><\/div> <\/div><\/div> <\/div>  <div  class=\"col-sm-6 col-md-3\"> <div  class=\"card y-move no-padding bordered\"> <img  decoding=\"async\" class=\"face\" src=\"https:\/\/club-presse-valdeloire.fr\/wp-content\/uploads\/2023\/05\/cropped-cropped-Laurent-Bigot-scaled-1.jpg\" alt=\"\" title=\"Laurent Bigot\"> <div  data-type=\"column\" class=\"col-padding-small col-padding-small-xs description-container\"> <h4  class=\"font-500\" data-lt-tmp-id=\"lt-313694\" data-gramm=\"false\">Laurent BIGOT<\/h4> <p  class=\"small\" style=\"font-style: italic;\" data-lt-tmp-id=\"lt-262550\" data-gramm=\"false\">Administrateur<\/p> <div  class=\"social-icons-group\" data-type=\"group\"> <a href=\"#\" target=\"_self\" data-reiki-hidden=\"true\" rel=\"noopener\"><i  class=\"gray fa icon fa-facebook-square\"><\/i><\/a> <a href=\"https:\/\/twitter.com\/JournalistFR\" target=\"_self\" rel=\"noopener\" class=\"\"><i  class=\"gray fa icon fa-twitter-square\"><\/i><\/a> <a href=\"#\" target=\"_self\" data-reiki-hidden=\"true\" rel=\"noopener\"><i  class=\"gray fa icon fa-linkedin-square\"><\/i><\/a> <a href=\"#\" target=\"_self\" data-reiki-hidden=\"true\" rel=\"noopener\"><i  class=\"gray fa icon fa-google-plus-square\"><\/i><\/a><\/div> <\/div><\/div> <\/div> <div  class=\"col-sm-6 col-md-3\"> <div  class=\"card y-move no-padding bordered\"> <img  decoding=\"async\" class=\"face\" src=\"https:\/\/club-presse-valdeloire.fr\/wp-content\/uploads\/2026\/03\/cropped-Matthieu-Guia-1.png\" alt=\"\" title=\"Matthieu Guia\"> <div  data-type=\"column\" class=\"col-padding-small col-padding-small-xs description-container\"> <h4  class=\"font-500\" data-lt-tmp-id=\"lt-377237\" data-gramm=\"false\">Matthieu Giua<\/h4> <p  class=\"small\" style=\"font-style: italic;\" data-lt-tmp-id=\"lt-448912\" data-gramm=\"false\">Administrateur<\/p> <div  class=\"social-icons-group\" data-type=\"group\"> <a href=\"https:\/\/www.facebook.com\/matthieu.pays1\" target=\"_self\" rel=\"noopener\" class=\"\" data-reiki-hidden=\"true\"><i  class=\"gray fa icon fa-facebook-square\"><\/i><\/a> <a href=\"#\" target=\"_self\" data-reiki-hidden=\"true\" rel=\"noopener\"><i  class=\"gray fa icon fa-twitter-square\"><\/i><\/a> <a href=\"https:\/\/www.linkedin.com\/in\/mathieu-giua-450554aa\" target=\"_self\" rel=\"noopener\" class=\"\"><i  class=\"gray fa icon fa-linkedin-square\"><\/i><\/a> <a href=\"#\" target=\"_self\" data-reiki-hidden=\"true\" rel=\"noopener\"><i  class=\"gray fa icon fa-google-plus-square\"><\/i><\/a><\/div> <\/div><\/div> <\/div><div  class=\"col-sm-6 col-md-3\"> <div  class=\"card y-move no-padding bordered\"> <img  decoding=\"async\" class=\"face\" src=\"https:\/\/club-presse-valdeloire.fr\/wp-content\/uploads\/2026\/03\/cropped-Beatrice-Saulnier.jpg\" alt=\"\" title=\"cropped-Beatrice-Saulnier.jpg\"> <div  data-type=\"column\" class=\"col-padding-small col-padding-small-xs description-container\"> <h4  class=\"font-500\" data-lt-tmp-id=\"lt-42041\" data-gramm=\"false\">B\u00e9atrice Saulnier<\/h4> <p  class=\"small\" style=\"font-style: italic;\" data-lt-tmp-id=\"lt-848198\" data-gramm=\"false\">Administratrice<\/p> <div  class=\"social-icons-group\" data-type=\"group\"> <a href=\"#\" target=\"_self\" data-reiki-hidden=\"true\" rel=\"noopener\"><i  class=\"gray fa icon fa-facebook-square\"><\/i><\/a> <a href=\"#\" target=\"_self\" data-reiki-hidden=\"true\" rel=\"noopener\"><i  class=\"gray fa icon fa-twitter-square\"><\/i><\/a> <a href=\"https:\/\/www.linkedin.com\/in\/beatrice-saulnier-b7938993\" target=\"_self\" rel=\"noopener\" class=\"\"><i  class=\"gray fa icon fa-linkedin-square\"><\/i><\/a> <a href=\"#\" target=\"_self\" data-reiki-hidden=\"true\" rel=\"noopener\"><i  class=\"gray fa icon fa-google-plus-square\"><\/i><\/a><\/div> <\/div><\/div> <\/div><div  class=\"col-sm-6 col-md-3\"> <div  class=\"card y-move no-padding bordered\"> <img  decoding=\"async\" class=\"face\" src=\"https:\/\/club-presse-valdeloire.fr\/wp-content\/uploads\/2023\/05\/cropped-Bruno-Delor.jpeg\" alt=\"\" title=\"cropped-Bruno-Delor.jpeg\"> <div  data-type=\"column\" class=\"col-padding-small col-padding-small-xs description-container\"> <h4  class=\"font-500\">Bruno DELOR<\/h4> <p  class=\"small\" style=\"font-style: italic;\" data-lt-tmp-id=\"lt-300500\" data-gramm=\"false\">Administrateur<\/p> <div  class=\"social-icons-group\" data-type=\"group\"> <a href=\"https:\/\/www.facebook.com\/CiteradioTouraine\" target=\"_self\" rel=\"noopener\" class=\"\"><i  class=\"gray fa icon fa-facebook-square\"><\/i><\/a> <a href=\"#\" target=\"_self\" data-reiki-hidden=\"true\" rel=\"noopener\"><i  class=\"gray fa icon fa-twitter-square\"><\/i><\/a> <a href=\"https:\/\/www.linkedin.com\/company\/34673147\/admin\/notifications\/all\" target=\"_self\" rel=\"noopener\" class=\"\"><i  class=\"gray fa icon fa-linkedin-square\"><\/i><\/a> <a href=\"#\" target=\"_self\" data-reiki-hidden=\"true\" rel=\"noopener\"><i  class=\"gray fa icon fa-google-plus-square\"><\/i><\/a><\/div> <\/div><\/div> <\/div>    <div  class=\"col-sm-6 col-md-3\"> <div  class=\"card y-move no-padding bordered\"> <img  decoding=\"async\" class=\"face\" src=\"https:\/\/club-presse-valdeloire.fr\/wp-content\/uploads\/2026\/03\/cropped-sonia.jpg\" alt=\"\" title=\"cropped-sonia.jpg\"> <div  data-type=\"column\" class=\"col-padding-small col-padding-small-xs description-container\"> <h4  class=\"font-500\" data-lt-tmp-id=\"lt-633609\" data-gramm=\"false\">Sonia Barge-Dupont<\/h4> <p  class=\"small\" style=\"font-style: italic;\" data-lt-tmp-id=\"lt-385099\" data-gramm=\"false\">Tr\u00e9sori\u00e8re<\/p> <div  class=\"social-icons-group\" data-type=\"group\"> <a href=\"#\" target=\"_self\" data-reiki-hidden=\"true\" rel=\"noopener\"><i  class=\"gray fa icon fa-facebook-square\"><\/i><\/a> <a href=\"https:\/\/www.linkedin.com\/in\/sonia-barge-dupont-08209353\" target=\"_self\" rel=\"noopener\" data-reiki-hidden=\"true\" class=\"\"><i  class=\"gray fa icon fa-twitter-square\"><\/i><\/a> <a href=\"https:\/\/www.linkedin.com\/in\/sonia-barge-dupont-08209353\" target=\"_self\" rel=\"noopener\" class=\"\"><i  class=\"gray fa icon fa-linkedin-square\"><\/i><\/a> <a href=\"#\" target=\"_self\" data-reiki-hidden=\"true\" rel=\"noopener\"><i  class=\"gray fa icon fa-google-plus-square\"><\/i><\/a><\/div> <\/div><\/div> <\/div><div  class=\"col-sm-6 col-md-3\"> <div  class=\"card y-move no-padding bordered\"> <img  decoding=\"async\" class=\"face\" src=\"https:\/\/club-presse-valdeloire.fr\/wp-content\/uploads\/2026\/03\/cropped-Lucie.jpg\" alt=\"\" title=\"cropped-Lucie.jpg\"> <div  data-type=\"column\" class=\"col-padding-small col-padding-small-xs description-container\"> <h4  class=\"font-500\" data-lt-tmp-id=\"lt-633609\" data-gramm=\"false\">Lucie Mach<\/h4> <p  class=\"small\" style=\"font-style: italic;\" data-lt-tmp-id=\"lt-385099\" data-gramm=\"false\">Administratrice&nbsp;<\/p> <div  class=\"social-icons-group\" data-type=\"group\"> <a href=\"#\" target=\"_self\" data-reiki-hidden=\"true\" rel=\"noopener\"><i  class=\"gray fa icon fa-facebook-square\"><\/i><\/a> <a href=\"#\" target=\"_self\" rel=\"noopener\" data-reiki-hidden=\"true\"><i  class=\"gray fa icon fa-twitter-square\"><\/i><\/a> <a href=\"https:\/\/www.linkedin.com\/in\/lucie-mach-525a42a9\" target=\"_self\" rel=\"noopener\" class=\"\"><i  class=\"gray fa icon fa-linkedin-square\"><\/i><\/a> <a href=\"#\" target=\"_self\" data-reiki-hidden=\"true\" rel=\"noopener\"><i  class=\"gray fa icon fa-google-plus-square\"><\/i><\/a><\/div> <\/div><\/div> <\/div><div  class=\"col-sm-6 col-md-3\"> <div  class=\"card y-move no-padding bordered\"> <img  decoding=\"async\" class=\"face\" src=\"https:\/\/club-presse-valdeloire.fr\/wp-content\/uploads\/2020\/11\/cropped-Anne-Sophie-Perraudin.png\" alt=\"\" title=\"cropped-Anne-Sophie-Perraudin.png\"> <div  data-type=\"column\" class=\"col-padding-small col-padding-small-xs description-container\"> <h4  class=\"font-500\" data-lt-tmp-id=\"lt-633609\" data-gramm=\"false\">Anne-Sophie Perraudin<\/h4> <p  class=\"small\" style=\"font-style: italic;\" data-lt-tmp-id=\"lt-385099\" data-gramm=\"false\">Administratrice<\/p> <div  class=\"social-icons-group\" data-type=\"group\"> <a href=\"#\" target=\"_self\" data-reiki-hidden=\"true\" rel=\"noopener\"><i  class=\"gray fa icon fa-facebook-square\"><\/i><\/a> <a href=\"#@Elody_Cerqueira\" target=\"_self\" rel=\"noopener\" data-reiki-hidden=\"true\"><i  class=\"gray fa icon fa-twitter-square\"><\/i><\/a> <a href=\"https:\/\/www.linkedin.com\/in\/anne-sophie-perraudin-07aa2629\" target=\"_self\" rel=\"noopener\" class=\"\"><i  class=\"gray fa icon fa-linkedin-square\"><\/i><\/a> <a href=\"#\" target=\"_self\" data-reiki-hidden=\"true\" rel=\"noopener\"><i  class=\"gray fa icon fa-google-plus-square\"><\/i><\/a><\/div> <\/div><\/div> <\/div><div  class=\"col-sm-6 col-md-3\"> <div  class=\"card y-move no-padding bordered\"> <img  decoding=\"async\" class=\"face\" src=\"https:\/\/club-presse-valdeloire.fr\/wp-content\/uploads\/2026\/03\/cropped-cropped-Sophie-Manuel-CA-Presse.png\" alt=\"\" title=\"cropped-cropped-Sophie-Manuel-CA-Presse.png\"> <div  data-type=\"column\" class=\"col-padding-small col-padding-small-xs description-container\"> <h4  class=\"font-500\" data-lt-tmp-id=\"lt-633609\" data-gramm=\"false\">Sophie Manuel<\/h4> <p  class=\"small\" style=\"font-style: italic;\" data-lt-tmp-id=\"lt-385099\" data-gramm=\"false\">Administratrice\n<\/p> <div  class=\"social-icons-group\" data-type=\"group\"> <a href=\"#\" target=\"_self\" data-reiki-hidden=\"true\" rel=\"noopener\"><i  class=\"gray fa icon fa-facebook-square\"><\/i><\/a> <a href=\"#@Elody_Cerqueira\" target=\"_self\" rel=\"noopener\" data-reiki-hidden=\"true\"><i  class=\"gray fa icon fa-twitter-square\"><\/i><\/a> <a href=\"https:\/\/www.linkedin.com\/in\/sophiemanuel\" target=\"_self\" rel=\"noopener\" class=\"\"><i  class=\"gray fa icon fa-linkedin-square\"><\/i><\/a> <a href=\"#\" target=\"_self\" data-reiki-hidden=\"true\" rel=\"noopener\"><i  class=\"gray fa icon fa-google-plus-square\"><\/i><\/a><\/div> <\/div><\/div> <\/div><div  class=\"col-sm-6 col-md-3\"> <div  class=\"card y-move no-padding bordered\"> <img  decoding=\"async\" class=\"face\" src=\"https:\/\/club-presse-valdeloire.fr\/wp-content\/uploads\/2026\/03\/cropped-Nicolas-Sourisce-200x300-1.jpg\" alt=\"\" title=\"Nicolas-Sourisce-200x300\"> <div  data-type=\"column\" class=\"col-padding-small col-padding-small-xs description-container\"> <h4  class=\"font-500\" data-lt-tmp-id=\"lt-633609\" data-gramm=\"false\">Nicolas Sourisce <\/h4> <p  class=\"small\" style=\"font-style: italic;\" data-lt-tmp-id=\"lt-385099\" data-gramm=\"false\">Secr\u00e9taire g\u00e9n\u00e9ral<\/p> <div  class=\"social-icons-group\" data-type=\"group\"> <a href=\"#\" target=\"_self\" data-reiki-hidden=\"true\" rel=\"noopener\"><i  class=\"gray fa icon fa-facebook-square\"><\/i><\/a> <a href=\"#@Elody_Cerqueira\" target=\"_self\" rel=\"noopener\" data-reiki-hidden=\"true\"><i  class=\"gray fa icon fa-twitter-square\"><\/i><\/a> <a href=\"https:\/\/www.linkedin.com\/in\/nicolas-sourisce-06b39b24\" target=\"_self\" rel=\"noopener\" class=\"\"><i  class=\"gray fa icon fa-linkedin-square\"><\/i><\/a> <a href=\"#\" target=\"_self\" data-reiki-hidden=\"true\" rel=\"noopener\"><i  class=\"gray fa icon fa-google-plus-square\"><\/i><\/a><\/div> <\/div><\/div> <\/div><div  class=\"col-sm-6 col-md-3\"> <div  class=\"card y-move no-padding bordered\"> <img  decoding=\"async\" class=\"face\" src=\"https:\/\/club-presse-valdeloire.fr\/wp-content\/uploads\/2020\/11\/cropped-Berti-HANNA-1.jpeg\" alt=\"\" title=\"cropped-Berti-HANNA-1.jpeg\"> <div  data-type=\"column\" class=\"col-padding-small col-padding-small-xs description-container\"> <h4  class=\"font-500\" data-lt-tmp-id=\"lt-633609\" data-gramm=\"false\">Berti Hanna<\/h4> <p  class=\"small\" style=\"font-style: italic;\" data-lt-tmp-id=\"lt-385099\" data-gramm=\"false\">Administrateur<\/p> <div  class=\"social-icons-group\" data-type=\"group\"> <a href=\"#\" target=\"_self\" data-reiki-hidden=\"true\" rel=\"noopener\"><i  class=\"gray fa icon fa-facebook-square\"><\/i><\/a> <a href=\"https:\/\/www.linkedin.com\/in\/berti-hanna\" target=\"_self\" rel=\"noopener\" data-reiki-hidden=\"true\" class=\"\"><i  class=\"gray fa icon fa-twitter-square\"><\/i><\/a> <a href=\"https:\/\/www.linkedin.com\/in\/berti-hanna\" target=\"_self\" rel=\"noopener\" class=\"\"><i  class=\"gray fa icon fa-linkedin-square\"><\/i><\/a> <a href=\"#\" target=\"_self\" data-reiki-hidden=\"true\" rel=\"noopener\"><i  class=\"gray fa icon fa-google-plus-square\"><\/i><\/a><\/div> <\/div><\/div> <\/div><\/div> <\/div><\/div><div  id=\"contact-1\" data-label=\"Contact\" data-id=\"contact-1\" data-export-id=\"contact-1\" data-category=\"contact\" class=\"contact-1 content-section content-section-spacing white-text\" data-parallax-depth=\"20\"><div  class=\"gridContainer\"> <div  class=\"row text-center\"><div  class=\"section-title-col\" data-type=\"column\"> <h2  class=\"\" data-lt-tmp-id=\"lt-316456\" data-gramm=\"false\">Contactez-nous&nbsp;<\/h2> <p  class=\"lead\" data-lt-tmp-id=\"lt-452619\" data-gramm=\"false\">Un renseignement, une offre d\u2019emploi, l\u2019annonce d\u2019un \u00e9v\u00e9nement\u2026 envoyez-nous vos actualit\u00e9s !<\/p><\/div> <\/div> <div  class=\"row text-center\"> <div  class=\"col-xs-12 col-sm-8 col-sm-offset-2 contact-form-wrapper inline-info\"> <div  class=\"card large-padding\"> <div  class=\"\" data-content-shortcode=\"mesmerize_contact_form shortcode=&quot;wpforms id=&amp;amp;quot;23&amp;amp;quot;&quot;\" data-editable=\"true\"><div class=\"wpforms-container wpforms-container-full\" id=\"wpforms-23\"><form id=\"wpforms-form-23\" class=\"wpforms-validate wpforms-form wpforms-ajax-form\" data-formid=\"23\" method=\"post\" enctype=\"multipart\/form-data\" action=\"\/index.php\/wp-json\/wp\/v2\/pages\/5\" data-token=\"429605517d5cd490607bc665cd9a8b48\"><noscript class=\"wpforms-error-noscript\">Veuillez activer JavaScript dans votre navigateur pour remplir ce formulaire.<\/noscript><div class=\"wpforms-field-container\"><div id=\"wpforms-23-field_0-container\" class=\"wpforms-field wpforms-field-name\" data-field-id=\"0\"><label class=\"wpforms-field-label\" for=\"wpforms-23-field_0\">Nom <span class=\"wpforms-required-label\">*<\/span><\/label><div class=\"wpforms-field-row wpforms-field-medium\"><div class=\"wpforms-field-row-block wpforms-first wpforms-one-half\"><input type=\"text\" id=\"wpforms-23-field_0\" class=\"wpforms-field-name-first wpforms-field-required\" name=\"wpforms[fields][0][first]\" required><label for=\"wpforms-23-field_0\" class=\"wpforms-field-sublabel after \">Pr\u00e9nom<\/label><\/div><div class=\"wpforms-field-row-block wpforms-one-half\"><input type=\"text\" id=\"wpforms-23-field_0-last\" class=\"wpforms-field-name-last wpforms-field-required\" name=\"wpforms[fields][0][last]\" required><label for=\"wpforms-23-field_0-last\" class=\"wpforms-field-sublabel after \">Nom<\/label><\/div><\/div><\/div><div id=\"wpforms-23-field_1-container\" class=\"wpforms-field wpforms-field-email\" data-field-id=\"1\"><label class=\"wpforms-field-label\" for=\"wpforms-23-field_1\">E-mail <span class=\"wpforms-required-label\">*<\/span><\/label><input type=\"email\" id=\"wpforms-23-field_1\" class=\"wpforms-field-medium wpforms-field-required\" name=\"wpforms[fields][1]\" required><\/div><div id=\"wpforms-23-field_2-container\" class=\"wpforms-field wpforms-field-textarea\" data-field-id=\"2\"><label class=\"wpforms-field-label\" for=\"wpforms-23-field_2\">Commentaire ou message <span class=\"wpforms-required-label\">*<\/span><\/label><textarea id=\"wpforms-23-field_2\" class=\"wpforms-field-medium wpforms-field-required\" name=\"wpforms[fields][2]\" required><\/textarea><\/div><\/div><div class=\"wpforms-submit-container\" ><input type=\"hidden\" name=\"wpforms[id]\" value=\"23\"><input type=\"hidden\" name=\"wpforms[author]\" value=\"1\"><button type=\"submit\" name=\"wpforms[submit]\" class=\"wpforms-submit \" id=\"wpforms-submit-23\" value=\"wpforms-submit\" aria-live=\"assertive\" data-alt-text=\"Envoi...\" data-submit-text=\"Envoyer\">Envoyer<\/button><img src=\"https:\/\/club-presse-valdeloire.fr\/wp-content\/plugins\/wpforms-lite\/assets\/images\/submit-spin.svg\" class=\"wpforms-submit-spinner\" style=\"display: none;\" width=\"26\" height=\"26\" alt=\"\"><\/div><\/form><\/div>  <!-- .wpforms-container --><\/div><\/div> <\/div><\/div> <\/div><\/div>","protected":false},"excerpt":{"rendered":"<p>Qui sommes-nous ? Le Club de la Presse CVL est un club r\u00e9gional regroupant les professionnels du journalisme et de la communication Rejoindre le Club Journalistes, communicants, institutions et entreprises Emplois et StagesOffres d\u2019emploi et de stage dans le milieu de la presse et de la communication A la Une En voir plus ! Ils&hellip; <br \/> <a class=\"read-more\" href=\"https:\/\/club-presse-valdeloire.fr\/index.php\/2024\/09\/16\/vous-souhaitez-les-dernieres-informations-du-club-et-vous-navez-pas-facebook-mais-linkedin-cliquez-et-rejoignez-nous-sur-linkedin\/\">Lire la suite<\/a><\/p>\n","protected":false},"author":1,"featured_media":0,"parent":0,"menu_order":0,"comment_status":"closed","ping_status":"closed","template":"page-templates\/homepage.php","meta":{"pmpro_default_level":0},"_links":{"self":[{"href":"https:\/\/club-presse-valdeloire.fr\/index.php\/wp-json\/wp\/v2\/pages\/5"}],"collection":[{"href":"https:\/\/club-presse-valdeloire.fr\/index.php\/wp-json\/wp\/v2\/pages"}],"about":[{"href":"https:\/\/club-presse-valdeloire.fr\/index.php\/wp-json\/wp\/v2\/types\/page"}],"author":[{"embeddable":true,"href":"https:\/\/club-presse-valdeloire.fr\/index.php\/wp-json\/wp\/v2\/users\/1"}],"replies":[{"embeddable":true,"href":"https:\/\/club-presse-valdeloire.fr\/index.php\/wp-json\/wp\/v2\/comments?post=5"}],"version-history":[{"count":34,"href":"https:\/\/club-presse-valdeloire.fr\/index.php\/wp-json\/wp\/v2\/pages\/5\/revisions"}],"predecessor-version":[{"id":3566,"href":"https:\/\/club-presse-valdeloire.fr\/index.php\/wp-json\/wp\/v2\/pages\/5\/revisions\/3566"}],"wp:attachment":[{"href":"https:\/\/club-presse-valdeloire.fr\/index.php\/wp-json\/wp\/v2\/media?parent=5"}],"curies":[{"name":"wp","href":"https:\/\/api.w.org\/{rel}","templated":true}]}}